{"id":622,"date":"2023-04-04T18:52:49","date_gmt":"2023-04-04T15:52:49","guid":{"rendered":"https:\/\/www.ehtagroup.fi\/asiakaskokemukset\/marko\/"},"modified":"2025-08-05T17:49:17","modified_gmt":"2025-08-05T14:49:17","slug":"marko","status":"publish","type":"asiakaskokemukset","link":"https:\/\/www.ehta.fi\/sv\/asiakaskokemukset\/marko\/","title":{"rendered":"Marko"},"content":{"rendered":"<p>Processen gick bra och enligt \u00f6verenskommelse. Vi har ett litet utrymme mellan eldst\u00e4derna d\u00e4r Hanna kunde designa en perfekt bastu f\u00f6r oss, s\u00e5 vi kunde inte montera en \u201dseismisk\u201d bastu direkt. D\u00f6rrarnas och f\u00f6nstrens orientering och m\u00e5tt var klockrena. Transporten hanterades professionellt och det fanns inte f\u00f6r mycket utrymme, men det passade bra p\u00e5 pelarna. Bastun har varit hos oss sedan oktober 2019 och d\u00f6rrarna och f\u00f6nstren fungerar som nya, varken h\u00e4ftklammer eller nitise och inget att klaga p\u00e5. Bastun v\u00e4rms upp p\u00e5 2-3 veckor och vi \u00e4r n\u00f6jda. Harvia pro 20 v\u00e4rms upp snabbt. Vi tv\u00e4ttar bastun inomhus, s\u00e5 vi tog inte med fatbeh\u00e5llaren, men den kan man s\u00e4tta in senare. Jag satte i en skorstensstenskorg som rymmer ca 20 kg extra stenar, s\u00e5 att man kan \u00e5tervinna v\u00e4rme fr\u00e5n skorstenen. Det b\u00e4sta \u00e4r de sura kaminerna, elden flammar och n\u00e4r du \u00f6ppnar d\u00f6rren \u00e4r det omedelbart ute. Oavsett om det \u00e4r storm eller 30 minusgrader. Vi har en grill och en grillplats bredvid bastun. Inget behov av en sommarstuga.<\/p>","protected":false},"featured_media":0,"template":"","referenssit-avainsanat":[91,92],"class_list":["post-622","asiakaskokemukset","type-asiakaskokemukset","status-publish","hentry","referenssit-avainsanat-loylyt","referenssit-avainsanat-myynti"],"yoast_head":"<!-- This site is optimized with the Yoast SEO Premium plugin v27.4 (Yoast SEO v27.4) - https:\/\/yoast.com\/product\/yoast-seo-premium-wordpress\/ -->\n<title>Marko - Ehta<\/title>\n<meta name=\"robots\" content=\"noindex, follow\" \/>\n<meta property=\"og:locale\" content=\"sv_SE\" \/>\n<meta property=\"og:type\" content=\"article\" \/>\n<meta property=\"og:title\" content=\"Marko\" \/>\n<meta property=\"og:description\" content=\"Prosessi meni hyvin ja kuten sovittiin. Meill\u00e4 on pieni tila tuijien v\u00e4liss\u00e4 mihin Hanna sai suunniteltua meille t\u00e4ydellisen saunan eli suoraan ei &#8221;seiska&#8221;-sauna mahtunut. Oven ja ikkunoiden suunnat sek\u00e4 mitat olivat kohdillaan. Kuljetus hoidettiin ammattitaidolla eik\u00e4 tilaa liikaa ollut mutta hyvin osui pilareiden p\u00e4\u00e4lle. Sauna ollut meill\u00e4 lokakuusta 2019 ja ovet ja ikkunat toimii kuten [&hellip;]\" \/>\n<meta property=\"og:url\" content=\"https:\/\/www.ehta.fi\/sv\/asiakaskokemukset\/marko\/\" \/>\n<meta property=\"og:site_name\" content=\"Ehta\" \/>\n<meta property=\"article:modified_time\" content=\"2025-08-05T14:49:17+00:00\" \/>\n<meta name=\"twitter:card\" content=\"summary_large_image\" \/>\n<meta name=\"twitter:label1\" content=\"Ber\u00e4knad l\u00e4stid\" \/>\n\t<meta name=\"twitter:data1\" content=\"1 minut\" \/>\n<script type=\"application\/ld+json\" class=\"yoast-schema-graph\">{\"@context\":\"https:\\\/\\\/schema.org\",\"@graph\":[{\"@type\":\"WebPage\",\"@id\":\"https:\\\/\\\/www.ehta.fi\\\/asiakaskokemukset\\\/marko\\\/\",\"url\":\"https:\\\/\\\/www.ehta.fi\\\/asiakaskokemukset\\\/marko\\\/\",\"name\":\"Marko - Ehta\",\"isPartOf\":{\"@id\":\"https:\\\/\\\/www.ehta.fi\\\/#website\"},\"datePublished\":\"2023-04-04T15:52:49+00:00\",\"dateModified\":\"2025-08-05T14:49:17+00:00\",\"breadcrumb\":{\"@id\":\"https:\\\/\\\/www.ehta.fi\\\/asiakaskokemukset\\\/marko\\\/#breadcrumb\"},\"inLanguage\":\"sv-SE\",\"potentialAction\":[{\"@type\":\"ReadAction\",\"target\":[\"https:\\\/\\\/www.ehta.fi\\\/asiakaskokemukset\\\/marko\\\/\"]}]},{\"@type\":\"BreadcrumbList\",\"@id\":\"https:\\\/\\\/www.ehta.fi\\\/asiakaskokemukset\\\/marko\\\/#breadcrumb\",\"itemListElement\":[{\"@type\":\"ListItem\",\"position\":1,\"name\":\"Home\",\"item\":\"https:\\\/\\\/www.ehta.fi\\\/\"},{\"@type\":\"ListItem\",\"position\":2,\"name\":\"Marko\"}]},{\"@type\":\"WebSite\",\"@id\":\"https:\\\/\\\/www.ehta.fi\\\/#website\",\"url\":\"https:\\\/\\\/www.ehta.fi\\\/\",\"name\":\"Ehta\",\"description\":\"Pihasaunat, saunam\u00f6kit, m\u00f6kit ja aitat\",\"potentialAction\":[{\"@type\":\"SearchAction\",\"target\":{\"@type\":\"EntryPoint\",\"urlTemplate\":\"https:\\\/\\\/www.ehta.fi\\\/?s={search_term_string}\"},\"query-input\":{\"@type\":\"PropertyValueSpecification\",\"valueRequired\":true,\"valueName\":\"search_term_string\"}}],\"inLanguage\":\"sv-SE\"}]}<\/script>\n<!-- \/ Yoast SEO Premium plugin. -->","yoast_head_json":{"title":"Marko - Ehta","robots":{"index":"noindex","follow":"follow"},"og_locale":"sv_SE","og_type":"article","og_title":"Marko","og_description":"Prosessi meni hyvin ja kuten sovittiin. Meill\u00e4 on pieni tila tuijien v\u00e4liss\u00e4 mihin Hanna sai suunniteltua meille t\u00e4ydellisen saunan eli suoraan ei &#8221;seiska&#8221;-sauna mahtunut. Oven ja ikkunoiden suunnat sek\u00e4 mitat olivat kohdillaan. Kuljetus hoidettiin ammattitaidolla eik\u00e4 tilaa liikaa ollut mutta hyvin osui pilareiden p\u00e4\u00e4lle. Sauna ollut meill\u00e4 lokakuusta 2019 ja ovet ja ikkunat toimii kuten [&hellip;]","og_url":"https:\/\/www.ehta.fi\/sv\/asiakaskokemukset\/marko\/","og_site_name":"Ehta","article_modified_time":"2025-08-05T14:49:17+00:00","twitter_card":"summary_large_image","twitter_misc":{"Ber\u00e4knad l\u00e4stid":"1 minut"},"schema":{"@context":"https:\/\/schema.org","@graph":[{"@type":"WebPage","@id":"https:\/\/www.ehta.fi\/asiakaskokemukset\/marko\/","url":"https:\/\/www.ehta.fi\/asiakaskokemukset\/marko\/","name":"Marko - Ehta","isPartOf":{"@id":"https:\/\/www.ehta.fi\/#website"},"datePublished":"2023-04-04T15:52:49+00:00","dateModified":"2025-08-05T14:49:17+00:00","breadcrumb":{"@id":"https:\/\/www.ehta.fi\/asiakaskokemukset\/marko\/#breadcrumb"},"inLanguage":"sv-SE","potentialAction":[{"@type":"ReadAction","target":["https:\/\/www.ehta.fi\/asiakaskokemukset\/marko\/"]}]},{"@type":"BreadcrumbList","@id":"https:\/\/www.ehta.fi\/asiakaskokemukset\/marko\/#breadcrumb","itemListElement":[{"@type":"ListItem","position":1,"name":"Home","item":"https:\/\/www.ehta.fi\/"},{"@type":"ListItem","position":2,"name":"Marko"}]},{"@type":"WebSite","@id":"https:\/\/www.ehta.fi\/#website","url":"https:\/\/www.ehta.fi\/","name":"Ehta","description":"Pihasaunat, saunam\u00f6kit, m\u00f6kit ja aitat","potentialAction":[{"@type":"SearchAction","target":{"@type":"EntryPoint","urlTemplate":"https:\/\/www.ehta.fi\/?s={search_term_string}"},"query-input":{"@type":"PropertyValueSpecification","valueRequired":true,"valueName":"search_term_string"}}],"inLanguage":"sv-SE"}]}},"_links":{"self":[{"href":"https:\/\/www.ehta.fi\/sv\/wp-json\/wp\/v2\/asiakaskokemukset\/622","targetHints":{"allow":["GET"]}}],"collection":[{"href":"https:\/\/www.ehta.fi\/sv\/wp-json\/wp\/v2\/asiakaskokemukset"}],"about":[{"href":"https:\/\/www.ehta.fi\/sv\/wp-json\/wp\/v2\/types\/asiakaskokemukset"}],"wp:attachment":[{"href":"https:\/\/www.ehta.fi\/sv\/wp-json\/wp\/v2\/media?parent=622"}],"wp:term":[{"taxonomy":"referenssit-avainsanat","embeddable":true,"href":"https:\/\/www.ehta.fi\/sv\/wp-json\/wp\/v2\/referenssit-avainsanat?post=622"}],"curies":[{"name":"wp","href":"https:\/\/api.w.org\/{rel}","templated":true}]}}